{"id":725,"date":"2024-03-06T14:57:18","date_gmt":"2024-03-06T13:57:18","guid":{"rendered":"https:\/\/delos-art.com\/?page_id=725"},"modified":"2024-03-06T14:59:18","modified_gmt":"2024-03-06T13:59:18","slug":"exposicion-de-frederic-delos-sala-de-arte-de-aguimes","status":"publish","type":"page","link":"https:\/\/delos-art.com\/index.php\/es\/exposicion-de-frederic-delos-sala-de-arte-de-aguimes\/","title":{"rendered":"Exposicion de Fr\u00e9d\u00e9ric DELOS &#8211; Sala de Arte de Ag\u00fcimes"},"content":{"rendered":"\n<p id=\"block-bf1f1f38-5ff2-4860-b8ca-eb65d815e2b0\">Fr\u00e9d\u00e9ric DELOS expone del 1 al 30 de marzo de 2024 en la sala de arte del Ayuntamiento de Ag\u00fcimes &#8211; Gran Canaria. Para esta ocasi\u00f3n \u00e9l ha tratado tambi\u00e9n el tema de los antiguos guanches que han poblado nuestra isla, un pastor o guerrero con toda su originalidad y fuerza.<\/p>\n\n\n\n<figure class=\"wp-block-image\" id=\"block-d419b325-f470-497d-a32f-78d2121c58e2\"><img src=\"https:\/\/delos-art.com\/wp-content\/uploads\/2024\/03\/Affiche-Expo-Aguimes3-724x1024.jpg\" alt=\"This image has an empty alt attribute; its file name is Affiche-Expo-Aguimes3-724x1024.jpg\"\/><\/figure>\n\n\n\n<p id=\"block-3bdfcc98-563c-4c86-b893-d8a72b3fb937\">Inauguraci\u00f3n el 1 de marzo de 2024 con la presencia de izquierda a derecha: Efra\u00edn Gonz\u00e1lez Rodr\u00edguez concejal municipal encargado de Cultura, \u00d3scar Hern\u00e1ndez Su\u00e1rez alcalde de la ciudad de Aguimes, Fr\u00e9d\u00e9ric Delos, Juan Jos\u00e9 S\u00e1nchez Artiles Artista Gr\u00e1fico, Profesor de la Escuela Nuestra Sra Colega. del Rosario de Ag\u00fcimes y el secretario de la Alianza Francesa de Las Palmas, Pedro Diebra, c\u00f3nsul honorario de Francia en Gran Canaria.<\/p>\n\n\n\n<figure class=\"wp-block-image\" id=\"block-a102543a-d0ce-4f56-8a26-df705b76ff75\"><img src=\"https:\/\/delos-art.com\/wp-content\/uploads\/2024\/03\/3e203337-f7b4-44d2-ac90-b62f9b75d174-2-1024x565.jpg\" alt=\"This image has an empty alt attribute; its file name is 3e203337-f7b4-44d2-ac90-b62f9b75d174-2-1024x565.jpg\"\/><\/figure>\n\n\n\n<figure class=\"wp-block-embed is-type-video is-provider-youtube wp-block-embed-youtube wp-embed-aspect-16-9 wp-has-aspect-ratio\"><div class=\"wp-block-embed__wrapper\">\n<iframe loading=\"lazy\" title=\"Fre\u0301de\u0301ric Delos expone \u2018Guanches y piedras .Un viaje imaginario en Gran Canaria.\" width=\"525\" height=\"295\" src=\"https:\/\/www.youtube.com\/embed\/it6xVLFC_3E?feature=oembed\" frameborder=\"0\" allow=\"accelerometer; autoplay; clipboard-write; encrypted-media; gyroscope; picture-in-picture; web-share\" allowfullscreen><\/iframe>\n<\/div><figcaption>Entrevista de la television local  de Ag\u00fcimes <\/figcaption><\/figure>\n\n\n\n<figure class=\"wp-block-embed is-type-video is-provider-youtube wp-block-embed-youtube wp-embed-aspect-16-9 wp-has-aspect-ratio\"><div class=\"wp-block-embed__wrapper\">\n<iframe loading=\"lazy\" title=\"DELOS EXPOSICION EN AGUIMES GRAN CANARIA\" width=\"525\" height=\"295\" src=\"https:\/\/www.youtube.com\/embed\/2JeIrRZXqi0?feature=oembed\" frameborder=\"0\" allow=\"accelerometer; autoplay; clipboard-write; encrypted-media; gyroscope; picture-in-picture; web-share\" allowfullscreen><\/iframe>\n<\/div><\/figure>\n\n\n\n<p id=\"block-89e14657-7cf2-499e-9f2a-b1cc77961f71\">Doramas, guerrero, caudillo y noble guanche que vivi\u00f3 a mediados del siglo XV y fue uno de los principales l\u00edderes de la resistencia  de Canarias durante la conquista de las islas por los espa\u00f1oles.<\/p>\n\n\n\n<figure class=\"wp-block-image\" id=\"block-55d403cf-1a23-435c-9a87-b87a890c0405\"><img src=\"https:\/\/delos-art.com\/wp-content\/uploads\/2024\/03\/IMG_3084-1-712x1024.jpeg\" alt=\"This image has an empty alt attribute; its file name is IMG_3084-1-712x1024.jpeg\"\/><\/figure>\n\n\n\n<p id=\"block-8a7b95b0-054e-43ba-a3ba-c79cdd893183\">San Sebastian de Ag\u00fcimes<\/p>\n\n\n\n<figure class=\"wp-block-image\" id=\"block-ebd48ef1-abe3-4175-94cf-151d51db4730\"><img src=\"https:\/\/delos-art.com\/wp-content\/uploads\/2024\/03\/IMG_3683-713x1024.jpeg\" alt=\"This image has an empty alt attribute; its file name is IMG_3683-713x1024.jpeg\"\/><\/figure>\n\n\n\n<p id=\"block-510ba161-9e84-46b4-8a02-5aeb18b1b5b1\"><strong>Le Triptyque des chevaux<\/strong><\/p>\n\n\n\n<figure class=\"wp-block-image\" id=\"block-21945745-49cb-4803-9ffd-e8f1fc65cede\"><img src=\"https:\/\/delos-art.com\/wp-content\/uploads\/2024\/03\/IMG_1646-1024x583.jpeg\" alt=\"This image has an empty alt attribute; its file name is IMG_1646-1024x583.jpeg\"\/><figcaption><strong>Tambi\u00e9n se presentan todas las pinturas en piedra que cre\u00f3 en 2023 y 2024.<\/strong><\/figcaption><\/figure>\n\n\n\n<p><\/p>\n\n\n\n<figure class=\"wp-block-gallery columns-3 is-cropped\"><ul class=\"blocks-gallery-grid\"><li class=\"blocks-gallery-item\"><figure><img loading=\"lazy\" width=\"935\" height=\"1024\" src=\"https:\/\/delos-art.com\/wp-content\/uploads\/2024\/03\/IMG_2465-2-935x1024.jpeg\" alt=\"\" data-id=\"726\" data-full-url=\"https:\/\/delos-art.com\/wp-content\/uploads\/2024\/03\/IMG_2465-2-scaled.jpeg\" data-link=\"https:\/\/delos-art.com\/?attachment_id=726\" class=\"wp-image-726\" srcset=\"https:\/\/delos-art.com\/wp-content\/uploads\/2024\/03\/IMG_2465-2-935x1024.jpeg 935w, https:\/\/delos-art.com\/wp-content\/uploads\/2024\/03\/IMG_2465-2-274x300.jpeg 274w, https:\/\/delos-art.com\/wp-content\/uploads\/2024\/03\/IMG_2465-2-768x841.jpeg 768w, https:\/\/delos-art.com\/wp-content\/uploads\/2024\/03\/IMG_2465-2-1402x1536.jpeg 1402w, https:\/\/delos-art.com\/wp-content\/uploads\/2024\/03\/IMG_2465-2-1870x2048.jpeg 1870w, https:\/\/delos-art.com\/wp-content\/uploads\/2024\/03\/IMG_2465-2-350x383.jpeg 350w\" sizes=\"(max-width: 706px) 89vw, (max-width: 767px) 82vw, 740px\" \/><\/figure><\/li><li class=\"blocks-gallery-item\"><figure><img loading=\"lazy\" width=\"1024\" height=\"672\" src=\"https:\/\/delos-art.com\/wp-content\/uploads\/2024\/03\/IMG_2796-1-1024x672.jpeg\" alt=\"\" data-id=\"727\" data-full-url=\"https:\/\/delos-art.com\/wp-content\/uploads\/2024\/03\/IMG_2796-1-scaled.jpeg\" data-link=\"https:\/\/delos-art.com\/?attachment_id=727\" class=\"wp-image-727\" srcset=\"https:\/\/delos-art.com\/wp-content\/uploads\/2024\/03\/IMG_2796-1-1024x672.jpeg 1024w, https:\/\/delos-art.com\/wp-content\/uploads\/2024\/03\/IMG_2796-1-300x197.jpeg 300w, https:\/\/delos-art.com\/wp-content\/uploads\/2024\/03\/IMG_2796-1-768x504.jpeg 768w, https:\/\/delos-art.com\/wp-content\/uploads\/2024\/03\/IMG_2796-1-1536x1008.jpeg 1536w, https:\/\/delos-art.com\/wp-content\/uploads\/2024\/03\/IMG_2796-1-2048x1344.jpeg 2048w, https:\/\/delos-art.com\/wp-content\/uploads\/2024\/03\/IMG_2796-1-350x230.jpeg 350w\" sizes=\"(max-width: 706px) 89vw, (max-width: 767px) 82vw, 740px\" \/><\/figure><\/li><li class=\"blocks-gallery-item\"><figure><img loading=\"lazy\" width=\"698\" height=\"1024\" src=\"https:\/\/delos-art.com\/wp-content\/uploads\/2024\/03\/IMG_2860-1-698x1024.jpeg\" alt=\"\" data-id=\"728\" data-full-url=\"https:\/\/delos-art.com\/wp-content\/uploads\/2024\/03\/IMG_2860-1-scaled.jpeg\" data-link=\"https:\/\/delos-art.com\/?attachment_id=728\" class=\"wp-image-728\" srcset=\"https:\/\/delos-art.com\/wp-content\/uploads\/2024\/03\/IMG_2860-1-698x1024.jpeg 698w, https:\/\/delos-art.com\/wp-content\/uploads\/2024\/03\/IMG_2860-1-205x300.jpeg 205w, https:\/\/delos-art.com\/wp-content\/uploads\/2024\/03\/IMG_2860-1-768x1126.jpeg 768w, https:\/\/delos-art.com\/wp-content\/uploads\/2024\/03\/IMG_2860-1-1048x1536.jpeg 1048w, https:\/\/delos-art.com\/wp-content\/uploads\/2024\/03\/IMG_2860-1-1397x2048.jpeg 1397w, https:\/\/delos-art.com\/wp-content\/uploads\/2024\/03\/IMG_2860-1-350x513.jpeg 350w, https:\/\/delos-art.com\/wp-content\/uploads\/2024\/03\/IMG_2860-1-scaled.jpeg 1746w\" sizes=\"(max-width: 698px) 100vw, 698px\" \/><\/figure><\/li><li class=\"blocks-gallery-item\"><figure><img loading=\"lazy\" width=\"1024\" height=\"756\" src=\"https:\/\/delos-art.com\/wp-content\/uploads\/2024\/03\/IMG_2873-1-1024x756.jpeg\" alt=\"\" data-id=\"729\" data-full-url=\"https:\/\/delos-art.com\/wp-content\/uploads\/2024\/03\/IMG_2873-1-scaled.jpeg\" data-link=\"https:\/\/delos-art.com\/?attachment_id=729\" class=\"wp-image-729\" srcset=\"https:\/\/delos-art.com\/wp-content\/uploads\/2024\/03\/IMG_2873-1-1024x756.jpeg 1024w, https:\/\/delos-art.com\/wp-content\/uploads\/2024\/03\/IMG_2873-1-300x222.jpeg 300w, https:\/\/delos-art.com\/wp-content\/uploads\/2024\/03\/IMG_2873-1-768x567.jpeg 768w, https:\/\/delos-art.com\/wp-content\/uploads\/2024\/03\/IMG_2873-1-1536x1135.jpeg 1536w, https:\/\/delos-art.com\/wp-content\/uploads\/2024\/03\/IMG_2873-1-2048x1513.jpeg 2048w, https:\/\/delos-art.com\/wp-content\/uploads\/2024\/03\/IMG_2873-1-350x259.jpeg 350w\" sizes=\"(max-width: 706px) 89vw, (max-width: 767px) 82vw, 740px\" \/><\/figure><\/li><li class=\"blocks-gallery-item\"><figure><img loading=\"lazy\" width=\"820\" height=\"1024\" src=\"https:\/\/delos-art.com\/wp-content\/uploads\/2024\/03\/IMG_3182-1-820x1024.jpeg\" alt=\"\" data-id=\"730\" data-full-url=\"https:\/\/delos-art.com\/wp-content\/uploads\/2024\/03\/IMG_3182-1-scaled.jpeg\" data-link=\"https:\/\/delos-art.com\/?attachment_id=730\" class=\"wp-image-730\" srcset=\"https:\/\/delos-art.com\/wp-content\/uploads\/2024\/03\/IMG_3182-1-820x1024.jpeg 820w, https:\/\/delos-art.com\/wp-content\/uploads\/2024\/03\/IMG_3182-1-240x300.jpeg 240w, https:\/\/delos-art.com\/wp-content\/uploads\/2024\/03\/IMG_3182-1-768x959.jpeg 768w, https:\/\/delos-art.com\/wp-content\/uploads\/2024\/03\/IMG_3182-1-1230x1536.jpeg 1230w, https:\/\/delos-art.com\/wp-content\/uploads\/2024\/03\/IMG_3182-1-1641x2048.jpeg 1641w, https:\/\/delos-art.com\/wp-content\/uploads\/2024\/03\/IMG_3182-1-350x437.jpeg 350w\" sizes=\"(max-width: 706px) 89vw, (max-width: 767px) 82vw, 740px\" \/><\/figure><\/li><li class=\"blocks-gallery-item\"><figure><img loading=\"lazy\" width=\"671\" height=\"1024\" src=\"https:\/\/delos-art.com\/wp-content\/uploads\/2024\/03\/IMG_3691-1-671x1024.jpeg\" alt=\"\" data-id=\"731\" data-full-url=\"https:\/\/delos-art.com\/wp-content\/uploads\/2024\/03\/IMG_3691-1-scaled.jpeg\" data-link=\"https:\/\/delos-art.com\/?attachment_id=731\" class=\"wp-image-731\" srcset=\"https:\/\/delos-art.com\/wp-content\/uploads\/2024\/03\/IMG_3691-1-671x1024.jpeg 671w, https:\/\/delos-art.com\/wp-content\/uploads\/2024\/03\/IMG_3691-1-196x300.jpeg 196w, https:\/\/delos-art.com\/wp-content\/uploads\/2024\/03\/IMG_3691-1-768x1173.jpeg 768w, https:\/\/delos-art.com\/wp-content\/uploads\/2024\/03\/IMG_3691-1-1006x1536.jpeg 1006w, https:\/\/delos-art.com\/wp-content\/uploads\/2024\/03\/IMG_3691-1-1341x2048.jpeg 1341w, https:\/\/delos-art.com\/wp-content\/uploads\/2024\/03\/IMG_3691-1-350x534.jpeg 350w, https:\/\/delos-art.com\/wp-content\/uploads\/2024\/03\/IMG_3691-1-scaled.jpeg 1677w\" sizes=\"(max-width: 671px) 100vw, 671px\" \/><\/figure><\/li><li class=\"blocks-gallery-item\"><figure><img loading=\"lazy\" width=\"837\" height=\"1024\" src=\"https:\/\/delos-art.com\/wp-content\/uploads\/2024\/03\/IMG_3684-1-837x1024.jpeg\" alt=\"\" data-id=\"732\" data-full-url=\"https:\/\/delos-art.com\/wp-content\/uploads\/2024\/03\/IMG_3684-1-scaled.jpeg\" data-link=\"https:\/\/delos-art.com\/?attachment_id=732\" class=\"wp-image-732\" srcset=\"https:\/\/delos-art.com\/wp-content\/uploads\/2024\/03\/IMG_3684-1-837x1024.jpeg 837w, https:\/\/delos-art.com\/wp-content\/uploads\/2024\/03\/IMG_3684-1-245x300.jpeg 245w, https:\/\/delos-art.com\/wp-content\/uploads\/2024\/03\/IMG_3684-1-768x940.jpeg 768w, https:\/\/delos-art.com\/wp-content\/uploads\/2024\/03\/IMG_3684-1-1255x1536.jpeg 1255w, https:\/\/delos-art.com\/wp-content\/uploads\/2024\/03\/IMG_3684-1-1674x2048.jpeg 1674w, https:\/\/delos-art.com\/wp-content\/uploads\/2024\/03\/IMG_3684-1-350x428.jpeg 350w\" sizes=\"(max-width: 706px) 89vw, (max-width: 767px) 82vw, 740px\" \/><\/figure><\/li><\/ul><\/figure>\n\n\n\n<figure class=\"wp-block-image\"><img src=\"https:\/\/delos-art.com\/wp-content\/uploads\/2024\/03\/IMG_2465-935x1024.jpeg\" alt=\"\"\/><\/figure>\n\n\n\n<figure class=\"wp-block-image\"><img src=\"https:\/\/delos-art.com\/wp-content\/uploads\/2024\/03\/IMG_2796-1024x672.jpeg\" alt=\"\"\/><\/figure>\n\n\n\n<figure class=\"wp-block-image\"><img src=\"https:\/\/delos-art.com\/wp-content\/uploads\/2024\/03\/IMG_2860-698x1024.jpeg\" alt=\"\"\/><\/figure>\n\n\n\n<figure class=\"wp-block-image\"><img src=\"https:\/\/delos-art.com\/wp-content\/uploads\/2024\/03\/IMG_2873-1024x756.jpeg\" alt=\"\"\/><\/figure>\n\n\n\n<figure class=\"wp-block-image\"><img src=\"https:\/\/delos-art.com\/wp-content\/uploads\/2024\/03\/IMG_3684-837x1024.jpeg\" alt=\"\"\/><\/figure>\n\n\n\n<figure class=\"wp-block-image\"><img src=\"https:\/\/delos-art.com\/wp-content\/uploads\/2024\/03\/IMG_3691-671x1024.jpeg\" alt=\"\"\/><\/figure>\n\n\n\n<ul><li><\/li><li><\/li><li><\/li><li><\/li><li><\/li><li><\/li><\/ul>\n","protected":false},"excerpt":{"rendered":"<p>Fr\u00e9d\u00e9ric DELOS expone del 1 al 30 de marzo de 2024 en la sala de arte del Ayuntamiento de Ag\u00fcimes &#8211; Gran Canaria. Para esta ocasi\u00f3n \u00e9l ha tratado tambi\u00e9n el tema de los antiguos guanches que han poblado nuestra isla, un pastor o guerrero con toda su originalidad y fuerza. Inauguraci\u00f3n el 1 de &hellip; <\/p>\n<p class=\"link-more\"><a href=\"https:\/\/delos-art.com\/index.php\/es\/exposicion-de-frederic-delos-sala-de-arte-de-aguimes\/\" class=\"more-link\">Continue reading<span class=\"screen-reader-text\"> &#8220;Exposicion de Fr\u00e9d\u00e9ric DELOS &#8211; Sala de Arte de Ag\u00fcimes&#8221;<\/span><\/a><\/p>\n","protected":false},"author":1,"featured_media":0,"parent":0,"menu_order":0,"comment_status":"closed","ping_status":"closed","template":"","meta":[],"yoast_head":"<!-- This site is optimized with the Yoast SEO plugin v16.1.1 - https:\/\/yoast.com\/wordpress\/plugins\/seo\/ -->\n<title>Exposicion de Fr\u00e9d\u00e9ric DELOS - Sala de Arte de Ag\u00fcimes - Delos Art GALLERY<\/title>\n<link rel=\"canonical\" href=\"https:\/\/delos-art.com\/index.php\/es\/exposicion-de-frederic-delos-sala-de-arte-de-aguimes\/\" \/>\n<meta property=\"og:locale\" content=\"en_US\" \/>\n<meta property=\"og:type\" content=\"article\" \/>\n<meta property=\"og:title\" content=\"Exposicion de Fr\u00e9d\u00e9ric DELOS - Sala de Arte de Ag\u00fcimes - Delos Art GALLERY\" \/>\n<meta property=\"og:description\" content=\"Fr\u00e9d\u00e9ric DELOS expone del 1 al 30 de marzo de 2024 en la sala de arte del Ayuntamiento de Ag\u00fcimes &#8211; Gran Canaria. Para esta ocasi\u00f3n \u00e9l ha tratado tambi\u00e9n el tema de los antiguos guanches que han poblado nuestra isla, un pastor o guerrero con toda su originalidad y fuerza. Inauguraci\u00f3n el 1 de &hellip; Continue reading &quot;Exposicion de Fr\u00e9d\u00e9ric DELOS &#8211; Sala de Arte de Ag\u00fcimes&quot;\" \/>\n<meta property=\"og:url\" content=\"https:\/\/delos-art.com\/index.php\/es\/exposicion-de-frederic-delos-sala-de-arte-de-aguimes\/\" \/>\n<meta property=\"og:site_name\" content=\"Delos Art GALLERY\" \/>\n<meta property=\"article:modified_time\" content=\"2024-03-06T13:59:18+00:00\" \/>\n<meta property=\"og:image\" content=\"https:\/\/delos-art.com\/wp-content\/uploads\/2024\/03\/Affiche-Expo-Aguimes3-724x1024.jpg\" \/>\n<meta name=\"twitter:card\" content=\"summary_large_image\" \/>\n<meta name=\"twitter:label1\" content=\"Est. reading time\">\n\t<meta name=\"twitter:data1\" content=\"5 minutes\">\n<script type=\"application\/ld+json\" class=\"yoast-schema-graph\">{\"@context\":\"https:\/\/schema.org\",\"@graph\":[{\"@type\":\"WebSite\",\"@id\":\"https:\/\/delos-art.com\/#website\",\"url\":\"https:\/\/delos-art.com\/\",\"name\":\"Delos Art GALLERY\",\"description\":\"DELOS LE PEINTRE DES DIEUX, H\\u00c9ROS ET MYTHOLOGIES\",\"potentialAction\":[{\"@type\":\"SearchAction\",\"target\":\"https:\/\/delos-art.com\/?s={search_term_string}\",\"query-input\":\"required name=search_term_string\"}],\"inLanguage\":\"en-US\"},{\"@type\":\"ImageObject\",\"@id\":\"https:\/\/delos-art.com\/index.php\/es\/exposicion-de-frederic-delos-sala-de-arte-de-aguimes\/#primaryimage\",\"inLanguage\":\"en-US\",\"url\":\"https:\/\/delos-art.com\/wp-content\/uploads\/2024\/03\/Affiche-Expo-Aguimes3-724x1024.jpg\",\"contentUrl\":\"https:\/\/delos-art.com\/wp-content\/uploads\/2024\/03\/Affiche-Expo-Aguimes3-724x1024.jpg\"},{\"@type\":\"WebPage\",\"@id\":\"https:\/\/delos-art.com\/index.php\/es\/exposicion-de-frederic-delos-sala-de-arte-de-aguimes\/#webpage\",\"url\":\"https:\/\/delos-art.com\/index.php\/es\/exposicion-de-frederic-delos-sala-de-arte-de-aguimes\/\",\"name\":\"Exposicion de Fr\\u00e9d\\u00e9ric DELOS - Sala de Arte de Ag\\u00fcimes - Delos Art GALLERY\",\"isPartOf\":{\"@id\":\"https:\/\/delos-art.com\/#website\"},\"primaryImageOfPage\":{\"@id\":\"https:\/\/delos-art.com\/index.php\/es\/exposicion-de-frederic-delos-sala-de-arte-de-aguimes\/#primaryimage\"},\"datePublished\":\"2024-03-06T13:57:18+00:00\",\"dateModified\":\"2024-03-06T13:59:18+00:00\",\"breadcrumb\":{\"@id\":\"https:\/\/delos-art.com\/index.php\/es\/exposicion-de-frederic-delos-sala-de-arte-de-aguimes\/#breadcrumb\"},\"inLanguage\":\"en-US\",\"potentialAction\":[{\"@type\":\"ReadAction\",\"target\":[\"https:\/\/delos-art.com\/index.php\/es\/exposicion-de-frederic-delos-sala-de-arte-de-aguimes\/\"]}]},{\"@type\":\"BreadcrumbList\",\"@id\":\"https:\/\/delos-art.com\/index.php\/es\/exposicion-de-frederic-delos-sala-de-arte-de-aguimes\/#breadcrumb\",\"itemListElement\":[{\"@type\":\"ListItem\",\"position\":1,\"item\":{\"@type\":\"WebPage\",\"@id\":\"https:\/\/delos-art.com\/\",\"url\":\"https:\/\/delos-art.com\/\",\"name\":\"Accueil\"}},{\"@type\":\"ListItem\",\"position\":2,\"item\":{\"@type\":\"WebPage\",\"@id\":\"https:\/\/delos-art.com\/index.php\/es\/exposicion-de-frederic-delos-sala-de-arte-de-aguimes\/\",\"url\":\"https:\/\/delos-art.com\/index.php\/es\/exposicion-de-frederic-delos-sala-de-arte-de-aguimes\/\",\"name\":\"Exposicion de Fr\\u00e9d\\u00e9ric DELOS &#8211; Sala de Arte de Ag\\u00fcimes\"}}]}]}<\/script>\n<!-- \/ Yoast SEO plugin. -->","_links":{"self":[{"href":"https:\/\/delos-art.com\/index.php\/wp-json\/wp\/v2\/pages\/725"}],"collection":[{"href":"https:\/\/delos-art.com\/index.php\/wp-json\/wp\/v2\/pages"}],"about":[{"href":"https:\/\/delos-art.com\/index.php\/wp-json\/wp\/v2\/types\/page"}],"author":[{"embeddable":true,"href":"https:\/\/delos-art.com\/index.php\/wp-json\/wp\/v2\/users\/1"}],"replies":[{"embeddable":true,"href":"https:\/\/delos-art.com\/index.php\/wp-json\/wp\/v2\/comments?post=725"}],"version-history":[{"count":2,"href":"https:\/\/delos-art.com\/index.php\/wp-json\/wp\/v2\/pages\/725\/revisions"}],"predecessor-version":[{"id":735,"href":"https:\/\/delos-art.com\/index.php\/wp-json\/wp\/v2\/pages\/725\/revisions\/735"}],"wp:attachment":[{"href":"https:\/\/delos-art.com\/index.php\/wp-json\/wp\/v2\/media?parent=725"}],"curies":[{"name":"wp","href":"https:\/\/api.w.org\/{rel}","templated":true}]}}